{"id":201,"date":"2015-10-08T18:34:56","date_gmt":"2015-10-08T16:34:56","guid":{"rendered":"http:\/\/demo.valentano.org\/f-d-chiesa-dell-eschio\/"},"modified":"2015-10-08T18:34:56","modified_gmt":"2015-10-08T16:34:56","slug":"f-d-chiesa-dell-eschio","status":"publish","type":"page","link":"https:\/\/www.valentano.org\/sv\/f-d-chiesa-dell-eschio\/","title":{"rendered":"F.d. Chiesa dell\u2019Eschio"},"content":{"rendered":"<div align=\"center\"><a href=\"http:\/\/demo.valentano.org\/wp-content\/uploads\/2015\/10\/cheschio01-6b4.jpg\" target=\"_blank\" rel=\"noopener\"><img loading=\"lazy\" decoding=\"async\" class=\" size-full wp-image-5731\" src=\"http:\/\/demo.valentano.org\/wp-content\/uploads\/2015\/10\/thumb_cheschio01-1f8.jpg\" border=\"0\" alt=\"L'ex chiesa dell'Eschio\" width=\"300\" height=\"225\" \/><\/a><span style=\"color: #ff0000;\">Tryck p\u00e5 bilden f\u00f6r att f\u00f6rstora<\/span><\/div>\n<p>Kyrkan \u00e4r bel\u00e4gen just utanf\u00f6r Valentano och \u00e4r idag helt \u00f6vergiven. Taket och f\u00f6nstren \u00e4r f\u00f6rst\u00f6rda. Kyrkan \u00e4r rektangul\u00e4r med ett enda skepp och ett enda altare. Altaret \u00e4r framf\u00f6r absiden som inneh\u00e5ller en ih\u00e5lig stam av en ur\u00e5ldrig planta som brukade inneh\u00e5lla en bild av en Madonna med barnet. Altaret, av m\u00e5ngf\u00e4rgad stuck, t\u00e4cker hela kyrkans h\u00f6jd och har en dekorerad \u00e4dikula. Mellan tv\u00e5 kolonner och under tv\u00e5 \u00e4nglar finns ramen som inneh\u00f6ll bilden.<\/p>\n<p align=\"center\"><a href=\"http:\/\/demo.valentano.org\/wp-content\/uploads\/2015\/10\/cheschio02-2ce.jpg\" target=\"_blank\" rel=\"noopener\"><img loading=\"lazy\" decoding=\"async\" class=\" size-full wp-image-5745\" src=\"http:\/\/demo.valentano.org\/wp-content\/uploads\/2015\/10\/thumb_cheschio02-582.jpg\" border=\"0\" width=\"225\" height=\"300\" \/><\/a><\/p>\n<p>Legenden s\u00e4ger att en bild med jungfrun Maria hittades h\u00e4ngande fr\u00e5n ett ur\u00e5ldrigt tr\u00e4 som fanns vid foten av Monte Nero och, trots att bilden flyttades till S:t Johannes kyrkan, hittades dagens efter mirakul\u00f6st h\u00e4ngande fr\u00e5n samma tr\u00e4d igen. Tecknet, tolkat som en vilja av Maria att bygga en kyrka p\u00e5 platsen, medf\u00f6rde att ett litet kapell byggdes runt tr\u00e4det. Runt den ursprungliga byggnaden utvecklades en kyrka som inneh\u00f6ll ett kloster av karmelitbr\u00f6der och kan dateras till 1500-talet.<\/p>\n<p align=\"center\"><a href=\"http:\/\/demo.valentano.org\/wp-content\/uploads\/2015\/10\/cheschio03-118.jpg\" target=\"_blank\" rel=\"noopener\"><img loading=\"lazy\" decoding=\"async\" class=\" size-full wp-image-5759\" src=\"http:\/\/demo.valentano.org\/wp-content\/uploads\/2015\/10\/thumb_cheschio03-654.jpg\" border=\"0\" width=\"225\" height=\"300\" \/><\/a> <a href=\"http:\/\/demo.valentano.org\/wp-content\/uploads\/2015\/10\/cheschio04-a3a.jpg\" target=\"_blank\" rel=\"noopener\"><img loading=\"lazy\" decoding=\"async\" class=\" size-full wp-image-5773\" src=\"http:\/\/demo.valentano.org\/wp-content\/uploads\/2015\/10\/thumb_cheschio04-d76.jpg\" border=\"0\" width=\"224\" height=\"300\" \/><\/a><\/p>\n<p><em>\u00d6versatt av Federico Matarrelli<\/em><\/p>\n","protected":false},"excerpt":{"rendered":"<p>Tryck p\u00e5 bilden f\u00f6r att f\u00f6rstora Kyrkan \u00e4r bel\u00e4gen just utanf\u00f6r Valentano och \u00e4r idag helt \u00f6vergiven. Taket och f\u00f6nstren \u00e4r f\u00f6rst\u00f6rda. Kyrkan \u00e4r rektangul\u00e4r med ett enda skepp och ett enda altare. Altaret \u00e4r framf\u00f6r absiden som inneh\u00e5ller en ih\u00e5lig stam av en ur\u00e5ldrig planta som brukade inneh\u00e5lla en bild av en Madonna med&hellip; <a class=\"more-link\" href=\"https:\/\/www.valentano.org\/sv\/f-d-chiesa-dell-eschio\/\">Forts\u00e4tt l\u00e4sa <span class=\"screen-reader-text\">F.d. Chiesa dell\u2019Eschio<\/span><\/a><\/p>\n","protected":false},"author":1,"featured_media":0,"parent":0,"menu_order":1,"comment_status":"closed","ping_status":"closed","template":"","meta":{"_acf_changed":false,"footnotes":""},"class_list":["post-201","page","type-page","status-publish","hentry","entry"],"acf":[],"_links":{"self":[{"href":"https:\/\/www.valentano.org\/sv\/wp-json\/wp\/v2\/pages\/201","targetHints":{"allow":["GET"]}}],"collection":[{"href":"https:\/\/www.valentano.org\/sv\/wp-json\/wp\/v2\/pages"}],"about":[{"href":"https:\/\/www.valentano.org\/sv\/wp-json\/wp\/v2\/types\/page"}],"author":[{"embeddable":true,"href":"https:\/\/www.valentano.org\/sv\/wp-json\/wp\/v2\/users\/1"}],"replies":[{"embeddable":true,"href":"https:\/\/www.valentano.org\/sv\/wp-json\/wp\/v2\/comments?post=201"}],"version-history":[{"count":0,"href":"https:\/\/www.valentano.org\/sv\/wp-json\/wp\/v2\/pages\/201\/revisions"}],"wp:attachment":[{"href":"https:\/\/www.valentano.org\/sv\/wp-json\/wp\/v2\/media?parent=201"}],"curies":[{"name":"wp","href":"https:\/\/api.w.org\/{rel}","templated":true}]}}