{"id":200,"date":"2015-10-08T18:33:42","date_gmt":"2015-10-08T16:33:42","guid":{"rendered":"http:\/\/demo.valentano.org\/f-d-tempelriddarekyrkan-av-sancta-maria-ad-templum\/"},"modified":"2015-10-08T18:33:42","modified_gmt":"2015-10-08T16:33:42","slug":"f-d-tempelriddarekyrkan-av-sancta-maria-ad-templum","status":"publish","type":"page","link":"https:\/\/www.valentano.org\/sv\/f-d-tempelriddarekyrkan-av-sancta-maria-ad-templum\/","title":{"rendered":"F.d. tempelriddarekyrkan av Sancta Maria ad Templum"},"content":{"rendered":"<div align=\"center\"><a href=\"http:\/\/demo.valentano.org\/wp-content\/uploads\/2015\/10\/commenda1-4c8.jpg\" target=\"_blank\" rel=\"noopener\"> <img loading=\"lazy\" decoding=\"async\" class=\" size-full wp-image-5675\" src=\"http:\/\/demo.valentano.org\/wp-content\/uploads\/2015\/10\/thumb_commenda1-3dd.jpg\" border=\"0\" alt=\"I resti della chiesa di Sancta Maria ad Templum\" width=\"300\" height=\"185\" \/><\/a> <a href=\"http:\/\/demo.valentano.org\/wp-content\/uploads\/2015\/10\/commenda2-0b2.jpg\" target=\"_blank\" rel=\"noopener\"><img loading=\"lazy\" decoding=\"async\" class=\" size-full wp-image-5689\" src=\"http:\/\/demo.valentano.org\/wp-content\/uploads\/2015\/10\/thumb_commenda2-7a7.jpg\" border=\"0\" alt=\"Particolare dei resti della ex-chiesa della Commenda\" width=\"300\" height=\"189\" \/><\/a> <span style=\"color: #ff0000;\"><br \/>Tryck p\u00e5 bilden f\u00f6r att f\u00f6rstora<\/span><\/div>\n<p>Idag \u00e4r kyrkan en ruin. Det \u00e4r synd att ett s\u00e5 viktigt historiskt vittnesb\u00f6rd \u00e4r n\u00e4stan f\u00f6rst\u00f6rt. Det \u00e4r dokumenterat att handlingar ang\u00e5ende tempelriddare r\u00e4tteg\u00e5ng affischerades p\u00e5 kyrkans d\u00f6rr. 1312 administrerades kyrkan av helgeandsorden och senare av malteserorden, som placerade deras vapen vid d\u00f6rren.<\/p>\n<p align=\"center\"><a href=\"http:\/\/demo.valentano.org\/wp-content\/uploads\/2015\/10\/commenda4-846.jpg\" target=\"_blank\" rel=\"noopener\"><img loading=\"lazy\" decoding=\"async\" class=\" size-full wp-image-5703\" src=\"http:\/\/demo.valentano.org\/wp-content\/uploads\/2015\/10\/thumb_commenda4-f53.jpg\" border=\"0\" alt=\"Vecchia immagine della facciata della Chiesa\" width=\"300\" height=\"212\" \/><\/a><\/p>\n<p>En stor del av en fresk fr\u00e5n XV-talet, kanske av umbro-senese skola, som f\u00f6rest\u00e4ller Jungfru Maria som sitter i en tron men barn och en \u00e4ngel flyttades till stadsbiblioteket \u00e5r 1987.\u00a0\u00a0\u00a0\u00a0<\/p>\n<p align=\"center\"><a href=\"http:\/\/demo.valentano.org\/wp-content\/uploads\/2015\/10\/commenda5-b90.jpg\" target=\"_blank\" rel=\"noopener\"><img loading=\"lazy\" decoding=\"async\" class=\" size-full wp-image-5717\" src=\"http:\/\/demo.valentano.org\/wp-content\/uploads\/2015\/10\/thumb_commenda5-c85.jpg\" border=\"0\" alt=\"Stemma dei Cavalieri di Malta, gi\u00e0 posto sulla facciata\" width=\"205\" height=\"300\" \/><\/a><\/p>\n<p><em>\u00d6versatt av Federico Matarrelli<\/em><\/p>\n","protected":false},"excerpt":{"rendered":"<p>Tryck p\u00e5 bilden f\u00f6r att f\u00f6rstora Idag \u00e4r kyrkan en ruin. Det \u00e4r synd att ett s\u00e5 viktigt historiskt vittnesb\u00f6rd \u00e4r n\u00e4stan f\u00f6rst\u00f6rt. Det \u00e4r dokumenterat att handlingar ang\u00e5ende tempelriddare r\u00e4tteg\u00e5ng affischerades p\u00e5 kyrkans d\u00f6rr. 1312 administrerades kyrkan av helgeandsorden och senare av malteserorden, som placerade deras vapen vid d\u00f6rren. En stor del av en&hellip; <a class=\"more-link\" href=\"https:\/\/www.valentano.org\/sv\/f-d-tempelriddarekyrkan-av-sancta-maria-ad-templum\/\">Forts\u00e4tt l\u00e4sa <span class=\"screen-reader-text\">F.d. tempelriddarekyrkan av Sancta Maria ad Templum<\/span><\/a><\/p>\n","protected":false},"author":1,"featured_media":0,"parent":0,"menu_order":2,"comment_status":"closed","ping_status":"closed","template":"","meta":{"_acf_changed":false,"footnotes":""},"class_list":["post-200","page","type-page","status-publish","hentry","entry"],"acf":[],"_links":{"self":[{"href":"https:\/\/www.valentano.org\/sv\/wp-json\/wp\/v2\/pages\/200","targetHints":{"allow":["GET"]}}],"collection":[{"href":"https:\/\/www.valentano.org\/sv\/wp-json\/wp\/v2\/pages"}],"about":[{"href":"https:\/\/www.valentano.org\/sv\/wp-json\/wp\/v2\/types\/page"}],"author":[{"embeddable":true,"href":"https:\/\/www.valentano.org\/sv\/wp-json\/wp\/v2\/users\/1"}],"replies":[{"embeddable":true,"href":"https:\/\/www.valentano.org\/sv\/wp-json\/wp\/v2\/comments?post=200"}],"version-history":[{"count":0,"href":"https:\/\/www.valentano.org\/sv\/wp-json\/wp\/v2\/pages\/200\/revisions"}],"wp:attachment":[{"href":"https:\/\/www.valentano.org\/sv\/wp-json\/wp\/v2\/media?parent=200"}],"curies":[{"name":"wp","href":"https:\/\/api.w.org\/{rel}","templated":true}]}}