{"id":199,"date":"2015-10-08T18:32:54","date_gmt":"2015-10-08T16:32:54","guid":{"rendered":"http:\/\/demo.valentano.org\/jungfru-marie-bebadelses-kyrka-i-villa-fontane\/"},"modified":"2015-10-08T18:32:54","modified_gmt":"2015-10-08T16:32:54","slug":"jungfru-marie-bebadelses-kyrka-i-villa-fontane","status":"publish","type":"page","link":"https:\/\/www.valentano.org\/sv\/jungfru-marie-bebadelses-kyrka-i-villa-fontane\/","title":{"rendered":"Jungfru Marie beb\u00e5delses kyrka i Villa Fontane"},"content":{"rendered":"<div align=\"center\"><a href=\"http:\/\/demo.valentano.org\/wp-content\/uploads\/2015\/10\/annunziatafontane1-942.jpg\" target=\"_blank\" rel=\"noopener\"> <img loading=\"lazy\" decoding=\"async\" class=\" size-full wp-image-5584\" src=\"http:\/\/demo.valentano.org\/wp-content\/uploads\/2015\/10\/thumb_annunziatafontane1-c3d.jpg\" border=\"0\" alt=\"La facciata della chiesa dell'Annunziata a Villa Fontane\" width=\"206\" height=\"300\" \/><\/a> <span style=\"color: #ff0000;\"><br \/>Tryck p\u00e5 bilden f\u00f6r att f\u00f6rstora<\/span><\/div>\n<p>Kyrkan, som byggdes 1927, d\u00f6ptes efter Jungfru Marie beb\u00e5delse och senare ocks\u00e5 efter S:t Agapito, n\u00e4r hans reliker flyttades hit 1930. Kyrkan har nyligen berikats med skulpturer av Mario Vinci och med f\u00e4rgade f\u00f6nster av konstn\u00e4rer Mario och Chiara Balestra.<\/p>\n<p align=\"center\"><a href=\"http:\/\/demo.valentano.org\/wp-content\/uploads\/2015\/10\/annunziatavetrate1-faa.jpg\" target=\"_blank\" rel=\"noopener\"><img loading=\"lazy\" decoding=\"async\" class=\" size-full wp-image-5598\" src=\"http:\/\/demo.valentano.org\/wp-content\/uploads\/2015\/10\/th_annunziatavetrate1-147.jpg\" border=\"0\" alt=\"Vetrate policrome realizzate da Mario e Chiara Balestra\" width=\"300\" height=\"199\" \/><\/a> <a href=\"http:\/\/demo.valentano.org\/wp-content\/uploads\/2015\/10\/annunziatavetrate2-bd0.jpg\" target=\"_blank\" rel=\"noopener\"><img loading=\"lazy\" decoding=\"async\" class=\" size-full wp-image-5612\" src=\"http:\/\/demo.valentano.org\/wp-content\/uploads\/2015\/10\/th_annunziatavetrate2-53d.jpg\" border=\"0\" alt=\"Vetrata: il Crocifisso\" width=\"199\" height=\"199\" srcset=\"https:\/\/www.valentano.org\/wp-content\/uploads\/2015\/10\/th_annunziatavetrate2-53d.jpg 199w, https:\/\/www.valentano.org\/wp-content\/uploads\/2015\/10\/th_annunziatavetrate2-53d-150x150.jpg 150w\" sizes=\"auto, (max-width: 199px) 100vw, 199px\" \/><\/a><\/p>\n<p>I kyrkan bevaras ocks\u00e5 en tavla Jungfru Marie beb\u00e5delse av Suor Imelda (1933), en altartavla fr\u00e5n 1700-talet med S:t Agapito och en majolika fr\u00e5n 1600-talet med Madonna med barn.<\/p>\n<p align=\"center\"><a href=\"http:\/\/demo.valentano.org\/wp-content\/uploads\/2015\/10\/annunziatasacrafamiglia-ea0.jpg\" target=\"_blank\" rel=\"noopener\"><img loading=\"lazy\" decoding=\"async\" class=\" size-full wp-image-5626\" src=\"http:\/\/demo.valentano.org\/wp-content\/uploads\/2015\/10\/th_annunziatasacrafamiglia-935.jpg\" border=\"0\" alt=\"La Sacra Famiglia\" width=\"238\" height=\"300\" \/><\/a> <a href=\"http:\/\/demo.valentano.org\/wp-content\/uploads\/2015\/10\/annunziatadipinto-cfc.jpg\" target=\"_blank\" rel=\"noopener\"><img loading=\"lazy\" decoding=\"async\" class=\" size-full wp-image-5640\" src=\"http:\/\/demo.valentano.org\/wp-content\/uploads\/2015\/10\/th_annunziatadipinto-18c.jpg\" border=\"0\" width=\"230\" height=\"300\" \/><\/a><\/p>\n<p align=\"center\"><a href=\"http:\/\/demo.valentano.org\/wp-content\/uploads\/2015\/10\/maiol_vf-d1f.jpg\" target=\"_blank\" rel=\"noopener\"><img loading=\"lazy\" decoding=\"async\" class=\" size-full wp-image-5654\" src=\"http:\/\/demo.valentano.org\/wp-content\/uploads\/2015\/10\/thumb_maiol_vf-3f2.jpg\" border=\"0\" alt=\"Maiolica seicentesca con Madonna e Bambino\" width=\"210\" height=\"300\" \/><\/a> <a href=\"http:\/\/demo.valentano.org\/wp-content\/uploads\/2013\/04\/annunzia-033.jpg\" target=\"_blank\" rel=\"noopener\"><img loading=\"lazy\" decoding=\"async\" class=\" size-full wp-image-5661\" src=\"http:\/\/demo.valentano.org\/wp-content\/uploads\/2015\/10\/thumb_annunzia-ede.jpg\" border=\"0\" alt=\"Quadro dell'Annunziata conservato nella Chiesa di Villa Fontane\" width=\"218\" height=\"300\" \/><\/a><\/p>\n<p><em>\u00d6versatt av Federico Matarrelli<\/em><\/p>\n","protected":false},"excerpt":{"rendered":"<p>Tryck p\u00e5 bilden f\u00f6r att f\u00f6rstora Kyrkan, som byggdes 1927, d\u00f6ptes efter Jungfru Marie beb\u00e5delse och senare ocks\u00e5 efter S:t Agapito, n\u00e4r hans reliker flyttades hit 1930. Kyrkan har nyligen berikats med skulpturer av Mario Vinci och med f\u00e4rgade f\u00f6nster av konstn\u00e4rer Mario och Chiara Balestra. I kyrkan bevaras ocks\u00e5 en tavla Jungfru Marie beb\u00e5delse&hellip; <a class=\"more-link\" href=\"https:\/\/www.valentano.org\/sv\/jungfru-marie-bebadelses-kyrka-i-villa-fontane\/\">Forts\u00e4tt l\u00e4sa <span class=\"screen-reader-text\">Jungfru Marie beb\u00e5delses kyrka i Villa Fontane<\/span><\/a><\/p>\n","protected":false},"author":1,"featured_media":0,"parent":0,"menu_order":3,"comment_status":"closed","ping_status":"closed","template":"","meta":{"_acf_changed":false,"footnotes":""},"class_list":["post-199","page","type-page","status-publish","hentry","entry"],"acf":[],"_links":{"self":[{"href":"https:\/\/www.valentano.org\/sv\/wp-json\/wp\/v2\/pages\/199","targetHints":{"allow":["GET"]}}],"collection":[{"href":"https:\/\/www.valentano.org\/sv\/wp-json\/wp\/v2\/pages"}],"about":[{"href":"https:\/\/www.valentano.org\/sv\/wp-json\/wp\/v2\/types\/page"}],"author":[{"embeddable":true,"href":"https:\/\/www.valentano.org\/sv\/wp-json\/wp\/v2\/users\/1"}],"replies":[{"embeddable":true,"href":"https:\/\/www.valentano.org\/sv\/wp-json\/wp\/v2\/comments?post=199"}],"version-history":[{"count":0,"href":"https:\/\/www.valentano.org\/sv\/wp-json\/wp\/v2\/pages\/199\/revisions"}],"wp:attachment":[{"href":"https:\/\/www.valentano.org\/sv\/wp-json\/wp\/v2\/media?parent=199"}],"curies":[{"name":"wp","href":"https:\/\/api.w.org\/{rel}","templated":true}]}}