{"id":112,"date":"2013-04-28T19:38:51","date_gmt":"2013-04-28T17:38:51","guid":{"rendered":"http:\/\/demo.valentano.org\/la-festa-dell-annunziata-a-villa-fontane\/"},"modified":"2013-04-28T19:38:51","modified_gmt":"2013-04-28T17:38:51","slug":"la-festa-dell-annunziata-a-villa-fontane","status":"publish","type":"page","link":"https:\/\/www.valentano.org\/it\/la-festa-dell-annunziata-a-villa-fontane\/","title":{"rendered":"Festa dell&#8217;Annunziata a Villa Fontane"},"content":{"rendered":"<p>La <a href=\"it\/home-it\/visita\/chiesa-dell-annunziata-a-villa-fontane\">chiesa di Villa Fontane<\/a> \u00e8 dedicata alla Madonna dell&#8217;Annunziata<\/p>\n<p align=\"center\"><a href=\"http:\/\/demo.valentano.org\/wp-content\/uploads\/2013\/04\/annunzia-033.jpg\" target=\"_blank\" rel=\"noopener\"><img loading=\"lazy\" decoding=\"async\" class=\" size-full wp-image-2483\" src=\"http:\/\/demo.valentano.org\/wp-content\/uploads\/2013\/04\/thumb_annunzia-ede.jpg\" border=\"0\" alt=\"Il dipinto dell'Annunziata nella Chiesa di Villa Fontane\" width=\"218\" height=\"300\" \/><\/a><br \/><span style=\"color: #ff0000; font-family: arial,helvetica;\">Cliccare sull&#8217;immagine per ingrandirla<\/span><\/p>\n<p align=\"center\">Il Luned\u00ec di Pasqua, Pasquetta, \u00e8 festa a Villa Fontane. <br \/>I lupini, appositamente preparati dagli abitanti della frazione, vengono offerti ai presenti.<\/p>\n<p align=\"center\"><a href=\"http:\/\/demo.valentano.org\/wp-content\/uploads\/2013\/04\/lupini03-5cb.jpg\" target=\"_blank\" rel=\"noopener\"><img loading=\"lazy\" decoding=\"async\" class=\" size-full wp-image-2497\" src=\"http:\/\/demo.valentano.org\/wp-content\/uploads\/2013\/04\/thumb_lupini03-b26.jpg\" border=\"0\" width=\"300\" height=\"205\" \/><\/a><\/p>\n<p>\u00a0<\/p>\n<p align=\"center\"><a href=\"http:\/\/demo.valentano.org\/wp-content\/uploads\/2013\/04\/lupini04-ee9.jpg\" target=\"_blank\" rel=\"noopener\"><img loading=\"lazy\" decoding=\"async\" class=\" size-full wp-image-2511\" src=\"http:\/\/demo.valentano.org\/wp-content\/uploads\/2013\/04\/thumb_lupini04-004.jpg\" border=\"0\" width=\"300\" height=\"205\" \/><\/a><\/p>\n<p style=\"text-align: left;\" align=\"center\">Giovanni Ciucci ha documentato fotograficamente anche la preparazione dei lupini.<\/p>\n<p align=\"center\"><a href=\"http:\/\/demo.valentano.org\/wp-content\/uploads\/2013\/04\/lupini01-267.jpg\" target=\"_blank\" rel=\"noopener\"><img loading=\"lazy\" decoding=\"async\" class=\" size-full wp-image-2525\" src=\"http:\/\/demo.valentano.org\/wp-content\/uploads\/2013\/04\/thumb_lupini01-c8a.jpg\" border=\"0\" width=\"205\" height=\"300\" \/><\/a><\/p>\n<p>\u00a0<\/p>\n<p align=\"center\"><a href=\"http:\/\/demo.valentano.org\/wp-content\/uploads\/2013\/04\/lupini02-61d.jpg\" target=\"_blank\" rel=\"noopener\"><img loading=\"lazy\" decoding=\"async\" class=\" size-full wp-image-2539\" src=\"http:\/\/demo.valentano.org\/wp-content\/uploads\/2013\/04\/thumb_lupini02-8f0.jpg\" border=\"0\" width=\"205\" height=\"300\" \/><\/a><\/p>\n<p>\u00a0<\/p>\n<p align=\"center\"><a href=\"http:\/\/demo.valentano.org\/wp-content\/uploads\/2013\/04\/lupini05-d3f.jpg\" target=\"_blank\" rel=\"noopener\"><img loading=\"lazy\" decoding=\"async\" class=\" size-full wp-image-2553\" src=\"http:\/\/demo.valentano.org\/wp-content\/uploads\/2013\/04\/thumb_lupini05-3d2.jpg\" border=\"0\" width=\"205\" height=\"300\" \/><\/a><\/p>\n<p>Fra le manifestazioni pi\u00f9 seguite \u00e8 la tradizionale &#8220;Cuccagna&#8221;.<\/p>\n<p align=\"center\"><a href=\"http:\/\/demo.valentano.org\/wp-content\/uploads\/2013\/04\/cuccagn3-c80.jpg\" target=\"_blank\" rel=\"noopener\"><img loading=\"lazy\" decoding=\"async\" class=\" size-full wp-image-2567\" src=\"http:\/\/demo.valentano.org\/wp-content\/uploads\/2013\/04\/thumb_cuccagn3-26d.jpg\" border=\"0\" width=\"204\" height=\"300\" \/><\/a><\/p>\n<p>Rossano \u00e8 solo un puntino lass\u00f9!<\/p>\n<p align=\"center\"><a href=\"http:\/\/demo.valentano.org\/wp-content\/uploads\/2013\/04\/cuccagna-8ad.jpg\" target=\"_blank\" rel=\"noopener\"><img loading=\"lazy\" decoding=\"async\" class=\" size-full wp-image-2581\" src=\"http:\/\/demo.valentano.org\/wp-content\/uploads\/2013\/04\/thumb_cuccagna-640.jpg\" border=\"0\" width=\"300\" height=\"203\" \/><\/a><\/p>\n<p>La fatica e i ripetuti tentativi di arrampicarsi sull&#8217;Albero della Cuccagna, perfettamente liscio e unto con del grasso per renderlo pi\u00f9 scivoloso, rendono ancora pi\u00f9 invitante l&#8217;appiglio offerto dalla cima, riccamente fornita di &#8220;ogne ben d&#8217;Iddio&#8221;.<\/p>\n<p align=\"center\"><a href=\"http:\/\/demo.valentano.org\/wp-content\/uploads\/2013\/04\/cuccagn2-f56.jpg\" target=\"_blank\" rel=\"noopener\"><img loading=\"lazy\" decoding=\"async\" class=\" size-full wp-image-2595\" src=\"http:\/\/demo.valentano.org\/wp-content\/uploads\/2013\/04\/thumb_cuccagn2-1bb.jpg\" border=\"0\" width=\"202\" height=\"300\" \/><\/a><\/p>\n<p>Grande \u00e8 l&#8217;urlo di gioia per il traguardo sognato, sofferto, e finalmente raggiunto.<\/p>\n<p><iframe loading=\"lazy\" src=\"http:\/\/www.youtube.com\/embed\/GHQu_IHil4Y\" frameborder=\"0\" width=\"420\" height=\"315\"><\/iframe><\/p>\n<p>Il <em>Comitato per la Festa della SS. Annunziata<\/em> pu\u00f2 essere contattato tramite il Sig. Matteo Banco al numero 331 90 31 773.<\/p>\n","protected":false},"excerpt":{"rendered":"<p>La chiesa di Villa Fontane \u00e8 dedicata alla Madonna dell&#8217;Annunziata Cliccare sull&#8217;immagine per ingrandirla Il Luned\u00ec di Pasqua, Pasquetta, \u00e8 festa a Villa Fontane. I lupini, appositamente preparati dagli abitanti della frazione, vengono offerti ai presenti. \u00a0 Giovanni Ciucci ha documentato fotograficamente anche la preparazione dei lupini. \u00a0 \u00a0 Fra le manifestazioni pi\u00f9 seguite \u00e8&hellip; <a class=\"more-link\" href=\"https:\/\/www.valentano.org\/it\/la-festa-dell-annunziata-a-villa-fontane\/\">Continua a leggere <span class=\"screen-reader-text\">Festa dell&#8217;Annunziata a Villa Fontane<\/span><\/a><\/p>\n","protected":false},"author":1,"featured_media":0,"parent":0,"menu_order":40,"comment_status":"closed","ping_status":"closed","template":"","meta":{"_acf_changed":false,"footnotes":""},"class_list":["post-112","page","type-page","status-publish","hentry","entry"],"acf":[],"_links":{"self":[{"href":"https:\/\/www.valentano.org\/it\/wp-json\/wp\/v2\/pages\/112","targetHints":{"allow":["GET"]}}],"collection":[{"href":"https:\/\/www.valentano.org\/it\/wp-json\/wp\/v2\/pages"}],"about":[{"href":"https:\/\/www.valentano.org\/it\/wp-json\/wp\/v2\/types\/page"}],"author":[{"embeddable":true,"href":"https:\/\/www.valentano.org\/it\/wp-json\/wp\/v2\/users\/1"}],"replies":[{"embeddable":true,"href":"https:\/\/www.valentano.org\/it\/wp-json\/wp\/v2\/comments?post=112"}],"version-history":[{"count":0,"href":"https:\/\/www.valentano.org\/it\/wp-json\/wp\/v2\/pages\/112\/revisions"}],"wp:attachment":[{"href":"https:\/\/www.valentano.org\/it\/wp-json\/wp\/v2\/media?parent=112"}],"curies":[{"name":"wp","href":"https:\/\/api.w.org\/{rel}","templated":true}]}}