{"id":105,"date":"2013-04-28T17:30:32","date_gmt":"2013-04-28T15:30:32","guid":{"rendered":"http:\/\/demo.valentano.org\/vie-e-vicoli\/"},"modified":"2013-04-28T17:30:32","modified_gmt":"2013-04-28T15:30:32","slug":"vie-e-vicoli","status":"publish","type":"page","link":"https:\/\/www.valentano.org\/it\/vie-e-vicoli\/","title":{"rendered":"Vie e vicoli"},"content":{"rendered":"<p>Ecco la toponomastica valentanese. Evidenziamo con una piccola <a href=\"#topics\">didascalia<\/a> o con un rimando alla relativa pagina, i personaggi e i luoghi che sono i qualche modo legati ad una tradizione locale.<\/p>\n<p>Di alcuni luoghi \u00e8 disponibile una piccola galleria di immagini.<\/p>\n<table border=\"\" rules=\"rows\">\n<tbody>\n<tr>\n<td>Corso Giacomo Matteotti, gi\u00e0 Corso Vittorio Emanuele II, gi\u00e0 Via di <a href=\"it\/home-it\/visita\/chiesa-di-santa-maria\" target=\"mainFrame\" rel=\"noopener\">Santa Maria<\/a><\/td>\n<\/tr>\n<tr>\n<td>Largo Carabinieri Martiri di Fiesole<\/td>\n<\/tr>\n<tr>\n<td>Largo della Selciatella<\/td>\n<\/tr>\n<tr>\n<td>Largo <a href=\"it\/home-it\/cultura-e-tradizioni\/paolo-ruffini-matematico\">Paolo Ruffini<\/a><\/td>\n<\/tr>\n<tr>\n<td>Largo <a href=\"it\/home-it\/visita\/chiesa-di-santa-croce\">Santa Croce<\/a><\/td>\n<\/tr>\n<tr>\n<td>Localit\u00e0 Cancelletto<\/td>\n<\/tr>\n<tr>\n<td>Localit\u00e0 Faberlengo<\/td>\n<\/tr>\n<tr>\n<td>Localit\u00e0 Frati<\/td>\n<\/tr>\n<tr>\n<td>Localit\u00e0 Guado Margherita<\/td>\n<\/tr>\n<tr>\n<td>Localit\u00e0 Macedonia<\/td>\n<\/tr>\n<tr>\n<td>Localit\u00e0 <a href=\"it\/home-it\/visita\/lago-di-mezzano\">Mezzano<\/a><\/td>\n<\/tr>\n<tr>\n<td>Localit\u00e0 Montecitorio<\/td>\n<\/tr>\n<tr>\n<td>Localit\u00e0 Pian della Madonna<\/td>\n<\/tr>\n<tr>\n<td>Localit\u00e0 Pianaccia<\/td>\n<\/tr>\n<tr>\n<td>Localit\u00e0 Valle dell&#8217;Aia<\/td>\n<\/tr>\n<tr>\n<td>Localit\u00e0 Valleverna<\/td>\n<\/tr>\n<tr>\n<td>Localit\u00e0 Villa delle Fontane<\/td>\n<\/tr>\n<tr>\n<td>Piazza Cavour gi\u00e0 <a href=\"it\/home-it\/visita\/il-centro-storico\">La Piazza<\/a><\/td>\n<\/tr>\n<tr>\n<td>\n<p>Piazza del Chiasso, gi\u00e0 Ortaccio\u00a0<a href=\"it\/home-it\/territorio\/fotogallery-luoghi-caratteristici\"><img loading=\"lazy\" decoding=\"async\" class=\" size-full wp-image-2161\" src=\"http:\/\/demo.valentano.org\/wp-content\/uploads\/2013\/04\/foto-cb9.gif\" border=\"0\" alt=\"Galleria fotografica\" width=\"32\" height=\"16\" align=\"absbottom\" \/><\/a><\/p>\n<\/td>\n<\/tr>\n<tr>\n<td>Piazza della Vittoria, gi\u00e0 la Piazzetta o Piazza della <a href=\"it\/home-it\/visita\/chiesa-collegiata-di-san-giovanni-ev\">Chiesa<\/a><\/td>\n<\/tr>\n<tr>\n<td>Piazza del Lavoro<\/td>\n<\/tr>\n<tr>\n<td>Piazza Regina Margherita<\/td>\n<\/tr>\n<tr>\n<td>Piazza Varese\u00a0<a href=\"it\/home-it\/territorio\/fotogallery-luoghi-caratteristici\"><img loading=\"lazy\" decoding=\"async\" class=\" size-full wp-image-2161\" src=\"http:\/\/demo.valentano.org\/wp-content\/uploads\/2013\/04\/foto-cb9.gif\" border=\"0\" alt=\"Galleria fotografica\" width=\"32\" height=\"16\" align=\"absbottom\" \/><\/a><\/td>\n<\/tr>\n<tr>\n<td>Piazzale Armando Diaz<\/td>\n<\/tr>\n<tr>\n<td>Piazzale dello Stadio<\/td>\n<\/tr>\n<tr>\n<td>Strada Provinciale Lago di Mezzano<\/td>\n<\/tr>\n<tr>\n<td>Strada Provinciale Piansanese<\/td>\n<\/tr>\n<tr>\n<td>Strada Provinciale Verentana<\/td>\n<\/tr>\n<tr>\n<td>Strada del Fusaro<\/td>\n<\/tr>\n<tr>\n<td>Via Aldo Moro<\/td>\n<\/tr>\n<tr>\n<td>Via <a href=\"#alessandro_guarnelli\">Alessandro Guarnelli<\/a><\/td>\n<\/tr>\n<tr>\n<td>Via <a href=\"#alessandro_mazzinelli\">Alessandro Mazzinelli<\/a><\/td>\n<\/tr>\n<tr>\n<td>Via Antonio Gramsci, gi\u00e0 Via Umberto I, gi\u00e0 Strada di Mezzo<\/td>\n<\/tr>\n<tr>\n<td>Via <a href=\"#antonio_ongaro\">Antonio Ongaro<\/a><\/td>\n<\/tr>\n<tr>\n<td>Via Belvedere<\/td>\n<\/tr>\n<tr>\n<td>Via Bisenzo<\/td>\n<\/tr>\n<tr>\n<td>Via Carlo Alberto, gi\u00e0 Strada della Ripa<\/td>\n<\/tr>\n<tr>\n<td>Via Cesare Battisti<\/td>\n<\/tr>\n<tr>\n<td>Via Daniele Manin; fu, sotto i Farnese, la Via degli Ebrei<\/td>\n<\/tr>\n<tr>\n<td>Via degli Abeti<\/td>\n<\/tr>\n<tr>\n<td>Via degli Olmi<\/td>\n<\/tr>\n<tr>\n<td>Via degli Ontani<\/td>\n<\/tr>\n<tr>\n<td>Via degli Uffici, gi\u00e0 Vicolo dell&#8217;Ospedale<\/td>\n<\/tr>\n<tr>\n<td>Via dei Castagni<\/td>\n<\/tr>\n<tr>\n<td>Via dei Faggi<\/td>\n<\/tr>\n<tr>\n<td>Via dei Farnese<\/td>\n<\/tr>\n<tr>\n<td>Via dei Giardini<\/td>\n<\/tr>\n<tr>\n<td>Via dei Pini<\/td>\n<\/tr>\n<tr>\n<td>Via dei Platani<\/td>\n<\/tr>\n<tr>\n<td>Via dei Templari<\/td>\n<\/tr>\n<tr>\n<td>Via dei Tigli<\/td>\n<\/tr>\n<tr>\n<td>Via del Fontanile<\/td>\n<\/tr>\n<tr>\n<td>Via del Forno<\/td>\n<\/tr>\n<tr>\n<td>Via del Giglio perch\u00e9 \u00e8 l&#8217;inizio della strada di Acquaiela e porta alla fontana del Giglio fatta realizzare dal Card. Alessandro Farnese nella met\u00e0 del &#8216;500.<\/td>\n<\/tr>\n<tr>\n<td>Via del Mattatoio<\/td>\n<\/tr>\n<tr>\n<td>Via del Monte, gi\u00e0 Via del Montenero<\/td>\n<\/tr>\n<tr>\n<td>Via del Plebiscito<\/td>\n<\/tr>\n<tr>\n<td>Via del Poggio, gi\u00e0 Via del <a href=\"#via_del_poggio\">Poggio delle Forche<\/a><\/td>\n<\/tr>\n<tr>\n<td>Via del Querceto<\/td>\n<\/tr>\n<tr>\n<td>Via del Ritiro (perch\u00e9 conduce al <a href=\"it\/home-it\/visita\/santuario-della-madonna-della-salute\">Convento dei Frati<\/a> Francescani, detto Ritiro)<\/td>\n<\/tr>\n<tr>\n<td>Via del Solco<\/td>\n<\/tr>\n<tr>\n<td>Via del Solleone<\/td>\n<\/tr>\n<tr>\n<td>Via della Chiesa<\/td>\n<\/tr>\n<tr>\n<td>Via della Corte<\/td>\n<\/tr>\n<tr>\n<td>Via della Stradina<\/td>\n<\/tr>\n<tr>\n<td>Via della Villa<\/td>\n<\/tr>\n<tr>\n<td>Via delle Felci<\/td>\n<\/tr>\n<tr>\n<td>Via delle Mura Castellane<\/td>\n<\/tr>\n<tr>\n<td>Via delle Querce<\/td>\n<\/tr>\n<tr>\n<td>Via dell&#8217;Eschio (perch\u00e9 conduce all&#8217;<a href=\"it\/home-it\/visita\/ex-chiesa-dell-eschio\">Ex Chiesa della Madonna dell&#8217;Eschio<\/a>)\u00a0<a href=\"it\/home-it\/territorio\/fotogallery-luoghi-caratteristici\"><img loading=\"lazy\" decoding=\"async\" class=\" size-full wp-image-2161\" src=\"http:\/\/demo.valentano.org\/wp-content\/uploads\/2013\/04\/foto-cb9.gif\" border=\"0\" alt=\"Galleria fotografica\" width=\"32\" height=\"16\" align=\"absbottom\" \/><\/a><\/td>\n<\/tr>\n<tr>\n<td>Via Enrico Cialdini<\/td>\n<\/tr>\n<tr>\n<td>Via <a href=\"#gaetano_amoroso\">Gaetano Amoroso<\/a><\/td>\n<\/tr>\n<tr>\n<td>Via Giuseppe Garibaldi<\/td>\n<\/tr>\n<tr>\n<td>Via <a href=\"#giordano_starnini\">Giordano Starnini<\/a><\/td>\n<\/tr>\n<tr>\n<td>Via Gorizia<\/td>\n<\/tr>\n<tr>\n<td>Via Guglielmo Marconi<\/td>\n<\/tr>\n<tr>\n<td>Via Indipendenza<\/td>\n<\/tr>\n<tr>\n<td>Via <a href=\"#lino_lottatori\">Lino Lottatori<\/a><\/td>\n<\/tr>\n<tr>\n<td>Via Manfredo Fanti<\/td>\n<\/tr>\n<tr>\n<td>Via Masi<\/td>\n<\/tr>\n<tr>\n<td>Via Monte Grappa<\/td>\n<\/tr>\n<tr>\n<td>Via Principe Amedeo, gi\u00e0 Marsoano (Via Marsuana)<\/td>\n<\/tr>\n<tr>\n<td>Via Raffaele Cadorna<\/td>\n<\/tr>\n<tr>\n<td>Via Rattazzi<\/td>\n<\/tr>\n<tr>\n<td>Via Roma<\/td>\n<\/tr>\n<tr>\n<td>Via Sant&#8217;Anna<\/td>\n<\/tr>\n<tr>\n<td>Via Solferino\u00a0<a href=\"it\/home-it\/territorio\/fotogallery-luoghi-caratteristici\"><img loading=\"lazy\" decoding=\"async\" class=\" size-full wp-image-2161\" src=\"http:\/\/demo.valentano.org\/wp-content\/uploads\/2013\/04\/foto-cb9.gif\" border=\"0\" alt=\"Galleria fotografica\" width=\"32\" height=\"16\" align=\"absbottom\" \/><\/a><\/td>\n<\/tr>\n<tr>\n<td>Via Trento e Trieste, gi\u00e0 Via della Selciata<\/td>\n<\/tr>\n<\/tbody>\n<\/table>\n<h3 align=\"center\"><a name=\"topics\"><\/a>Personaggi e luoghi legati alla vita di Valentano<\/h3>\n<p><a name=\"alessandro_guarnelli\"><\/a><strong>Alessandro Guarnelli<\/strong><br \/> Scrittore minore del &#8216;500 e amico di <a href=\"#antonio_ongaro\">Antonio Ongaro<\/a>, fu per molti anni segretario del Cardinale Alessandro Farnese. A Valentano, dove visse con l&#8217;incarico di comandante delle guardie, scrisse una commedia rappresentata da alcuni giovani del luogo, componenti di una compagnia drammatica, che vengono ricordati anche per la rappresentazione di una commedia sulla Resurrezione. Guarnelli lavor\u00f2 ad una traduzione dell&#8217;<em>Eneide<\/em> di Virgilio in ottava rima. Una delle sue opere, <em>La Vittoria<\/em>, fu stampata a Viterbo nel 1620.<\/p>\n<p><a name=\"alessandro_mazzinelli\"><\/a><strong>Alessandro Mazzinelli<\/strong><br \/> Abate, nacque a Valentano nel 1671. A diciotto anni, poich\u00e9 sostenne una <em>Conclusione di tutta la teologia<\/em> dedicandola a papa Clemente XI, gli venne conferita un&#8217;abbazia nel Regno di Napoli. A ventidue anni fu insegnante di filosofia nel Collegio di Montefiascone, poi Sacrista della Cattedrale, insegnante di teologia e dogmatica, prefetto degli studi e Rettore del Seminario. Latinista e teologo eccellente, fu consultato da Clemente XI per la bolla <em>Unigenitus<\/em>. Fu stimato anche dai successivi pontefici Innocenzo XIII e Benedetto XIV. Tra le sue opere ricordiamo <em>De Locis Theologicis<\/em> e moltissimi dei suoi &#8220;offici&#8221; della Settimana Santa e della Beata Vergine Maria. Dett\u00f2 le regole per le monache di S. Lucia Filippini al tempo del Cardinale Marco Antonio Barbarigo. Mor\u00ec nel 1741.<\/p>\n<p><a name=\"antonio_ongaro\"><\/a><strong>Antonio Ongaro<\/strong><br \/> Poeta, nacque a Venezia nel 1560 e mor\u00ec a Valentano nel 1593. Dopo essersi spostato a lungo, giunse a Roma. Qui esercit\u00f2 l&#8217;avvocatura e inizi\u00f2 a scrivere le sue opere di poesia. In seguito si trasfer\u00ec a Nettuno, dove compose l&#8217;<em>Alceo<\/em>. Arriv\u00f2 a Valentano nel 1582 al seguito di Mario Farnese, presso il quale prestava servizio, si spos\u00f2 con una valentanese che gli diede tre figli. Alla sua morte fu sepolto all&#8217;interno della chiesa di San Giovanni Evangelista dove, si suppone, sia tuttora. Di recente \u00e8 stata ritrovata la scritta della sua pietra tombale dove, per suo volere fu inciso: <em>giovane d&#8217;anni ma vecchio per fama<\/em>. L&#8217;opera pi\u00f9 famosa di Ongaro \u00e8 <em>Alceo<\/em> (Venezia 1582). Le sue <em>Rime <\/em>furono pubblicate postume a Farnese nel 1600.<\/p>\n<p><a name=\"gaetano_amoroso\"><\/a><strong>Gaetano Amoroso<\/strong><br \/> Il Dottor Gaetano Amoroso nacque a Ferrazzano(Campobasso) il 3 ottobre 1900 ed esercit\u00f2 la sua professione di medico condotto a Valentano dal 1926 al 1986. <br \/> Il Dottore, oltre ad essere un medico molto stimato, fu anche una presenza costante e rassicurante per il paese intero. Per lui non esistevano orari o giorni festivi, i suoi pazienti sapevano che in qualsiasi momento potevano contare sulla sua professionalit\u00e0 e sulla sua umanit\u00e0. <br \/> Al Dottor Amoroso si deve anche la costruzione dell&#8217;edificio dove oggi ha sede la A.S.L. (a lui dedicato nell&#8217;agosto del 1989) per destinarlo a centro per la diagnosi e la cura della tubercolosi.<br \/> Mor\u00ec a Viterbo il 28 ottobre 1986.<\/p>\n<p><a name=\"giordano_starnini\"><\/a><strong>Giordano Starnini<\/strong><br \/> Calzolaio, nacque a Valentano il 2 dicembre 1907, figlio di Cesare e Domenica Rosati. Militante socialista emigra in Francia, unitamente allo zio Oreste Donati, precisamente a Troyes. Partecipa alla guerra civile in Spagna, arruolandosi nel battaglione Dimitrou della XIV brigata internazionale. Cade a Morata de Tajuna il 5 aprile 1937. La notizia della morte fu data dal <em>Nuovo Avanti <\/em>e da <em>La Dep\u00e9che <\/em>di Tolosa e allo zio Oreste fu comunicata da una lettera personale di Pietro Nenni.<\/p>\n<p><a name=\"lino_lottatori\"><\/a><strong>Lino Lottatori<\/strong><br \/> Nacque a Valentano il 17 agosto 1887 e mor\u00ec a Guidonia il 22 novembre 1943. Fu una delle figure pi\u00f9 rappresentative dell&#8217;Ordine Francescano, citato anche da P. Giorgio De Dominicis nell&#8217;articolo de L&#8217;Osservatore Romano dedicato al <a href=\"it\/home-it\/visita\/santuario-della-madonna-della-salute\">Santuario della Madonna della Salute<\/a>.<\/p>\n<p><a name=\"via_del_poggio\"><\/a><strong>Poggio delle Forche<\/strong><br \/> L&#8217;odierna Via del Poggio, un tempo aveva una denominazione alquanto sinistra: Poggio delle Forche. Non serve molta immaginazione per capire la derivazione: la via che oggi circonda l&#8217;edificio scolastico, un tempo fu luogo di &#8220;giustizia&#8221;. Qui si allestirono le forche per il taglio della testa dei rei e vi esercit\u00f2 la sua arte il famoso <a href=\"it\/home-it\/personaggi-e-avvenimenti\/prove-generali-a-valentano\">Mastro Titta<\/a>, <em>boja de Roma<\/em>, che figura anche tra i personaggi della commedia musicale &#8220;Rugantino&#8221;. Lo stesso Mastro Titta cos\u00ec racconta la sua prima esecuzione valentanese: \u00abIl 28 marzo 1797, mazzolai e squartai in Valentano Marco Rossi, che aveva ucciso suo zio e suo cugino per vendicarsi della non equa ripartizione fatta di una comune eredit\u00e0\u00bb. Valentano vide all&#8217;opera Mastro Titta ancora il 30 settembre 1854, per la decollazione di Angelo Racchetti di Gradoli.<\/p>\n","protected":false},"excerpt":{"rendered":"<p>Ecco la toponomastica valentanese. Evidenziamo con una piccola didascalia o con un rimando alla relativa pagina, i personaggi e i luoghi che sono i qualche modo legati ad una tradizione locale. Di alcuni luoghi \u00e8 disponibile una piccola galleria di immagini. Corso Giacomo Matteotti, gi\u00e0 Corso Vittorio Emanuele II, gi\u00e0 Via di Santa Maria Largo&hellip; <a class=\"more-link\" href=\"https:\/\/www.valentano.org\/it\/vie-e-vicoli\/\">Continua a leggere <span class=\"screen-reader-text\">Vie e vicoli<\/span><\/a><\/p>\n","protected":false},"author":1,"featured_media":0,"parent":0,"menu_order":7,"comment_status":"closed","ping_status":"closed","template":"","meta":{"_acf_changed":false,"footnotes":""},"class_list":["post-105","page","type-page","status-publish","hentry","entry"],"acf":[],"_links":{"self":[{"href":"https:\/\/www.valentano.org\/it\/wp-json\/wp\/v2\/pages\/105","targetHints":{"allow":["GET"]}}],"collection":[{"href":"https:\/\/www.valentano.org\/it\/wp-json\/wp\/v2\/pages"}],"about":[{"href":"https:\/\/www.valentano.org\/it\/wp-json\/wp\/v2\/types\/page"}],"author":[{"embeddable":true,"href":"https:\/\/www.valentano.org\/it\/wp-json\/wp\/v2\/users\/1"}],"replies":[{"embeddable":true,"href":"https:\/\/www.valentano.org\/it\/wp-json\/wp\/v2\/comments?post=105"}],"version-history":[{"count":0,"href":"https:\/\/www.valentano.org\/it\/wp-json\/wp\/v2\/pages\/105\/revisions"}],"wp:attachment":[{"href":"https:\/\/www.valentano.org\/it\/wp-json\/wp\/v2\/media?parent=105"}],"curies":[{"name":"wp","href":"https:\/\/api.w.org\/{rel}","templated":true}]}}