{"id":53,"date":"2013-04-27T13:30:30","date_gmt":"2013-04-27T11:30:30","guid":{"rendered":"http:\/\/demo.valentano.org\/l-eglise-de-l-annunziata-a-villa-fontane\/"},"modified":"2013-04-27T13:30:30","modified_gmt":"2013-04-27T11:30:30","slug":"l-eglise-de-l-annunziata-a-villa-fontane","status":"publish","type":"page","link":"https:\/\/www.valentano.org\/fr\/home-fr\/l-eglise-de-l-annunziata-a-villa-fontane\/","title":{"rendered":"L&rsquo;\u00c9glise de l&rsquo; \u00ab\u00a0Annunziata a Villa Fontane\u00a0\u00bb"},"content":{"rendered":"<div align=\"center\"><a href=\"http:\/\/demo.valentano.org\/wp-content\/uploads\/2013\/04\/annunziatafontane1-89e.jpg\" target=\"_blank\" rel=\"noopener\"> <img loading=\"lazy\" decoding=\"async\" class=\" size-full wp-image-957\" src=\"http:\/\/demo.valentano.org\/wp-content\/uploads\/2013\/04\/thumb_annunziatafontane1-6a3.jpg\" border=\"0\" alt=\"La fa\u00e7ade de l'\u00c9glise de la &quot;Annunziata a Villa Fontane&quot;\" width=\"206\" height=\"300\" \/><\/a> <span style=\"color: #ff0000;\"><br \/> <\/span><span style=\"color: #ff0000; font-family: arial,helvetica;\">Cliquer sur l&rsquo;image pour l&rsquo;agrandir<\/span><\/div>\n<p>L&rsquo; \u00c9glise actuelle, \u00e9difi\u00e9e en 1927, fut d\u00e9di\u00e9e \u00e0 la Tr\u00e8s Sainte Vierge de l&rsquo;Annonciation et \u00e0 ce titre fut ajout\u00e9 celui de Saint Agapito quand les reliques de ce martyr et le retable d&rsquo;autel furent transf\u00e9r\u00e9s ici en 1930 avec la r\u00e9union de la paroisse rurale de Bisenzio.<\/p>\n<p align=\"center\"><a href=\"http:\/\/demo.valentano.org\/wp-content\/uploads\/2013\/04\/annunziatavetrate1-e76.jpg\" target=\"_blank\" rel=\"noopener\"><img loading=\"lazy\" decoding=\"async\" class=\" size-full wp-image-971\" src=\"http:\/\/demo.valentano.org\/wp-content\/uploads\/2013\/04\/th_annunziatavetrate1-dfa.jpg\" border=\"0\" alt=\"Vitraux polycromes de Mario et Chiara Balestra\" width=\"300\" height=\"199\" \/><\/a>\u00a0<a href=\"http:\/\/demo.valentano.org\/wp-content\/uploads\/2013\/04\/annunziatavetrate2-a0c.jpg\" target=\"_blank\" rel=\"noopener\"><img loading=\"lazy\" decoding=\"async\" class=\" size-full wp-image-985\" src=\"http:\/\/demo.valentano.org\/wp-content\/uploads\/2013\/04\/th_annunziatavetrate2-980.jpg\" border=\"0\" alt=\"Vitrail: le Crocifix\" width=\"199\" height=\"199\" srcset=\"https:\/\/www.valentano.org\/wp-content\/uploads\/2013\/04\/th_annunziatavetrate2-980.jpg 199w, https:\/\/www.valentano.org\/wp-content\/uploads\/2013\/04\/th_annunziatavetrate2-980-150x150.jpg 150w\" sizes=\"auto, (max-width: 199px) 100vw, 199px\" \/><\/a><\/p>\n<p>L&rsquo; \u00c9glise paroissiale a \u00e9t\u00e9 r\u00e9cemment enrichie par des sculptures de Mario Vinci et par des vitraux polycromes, \u0153uvre des artistes Mario et Chiara Balestra.<\/p>\n<p align=\"center\"><a href=\"http:\/\/demo.valentano.org\/wp-content\/uploads\/2013\/04\/annunziatasacrafamiglia-bbe.jpg\" target=\"_blank\" rel=\"noopener\"><img loading=\"lazy\" decoding=\"async\" class=\" size-full wp-image-999\" src=\"http:\/\/demo.valentano.org\/wp-content\/uploads\/2013\/04\/th_annunziatasacrafamiglia-551.jpg\" border=\"0\" alt=\"La Sainte Famille\" width=\"238\" height=\"300\" \/><\/a>\u00a0<a href=\"http:\/\/demo.valentano.org\/wp-content\/uploads\/2013\/04\/annunziatadipinto-bbc.jpg\" target=\"_blank\" rel=\"noopener\"><img loading=\"lazy\" decoding=\"async\" class=\" size-full wp-image-1013\" src=\"http:\/\/demo.valentano.org\/wp-content\/uploads\/2013\/04\/th_annunziatadipinto-a99.jpg\" border=\"0\" width=\"230\" height=\"300\" \/><\/a><\/p>\n<p>Outre le retable du XVIII si\u00e8cle avec Saint Agapito, dans l&rsquo;\u00c9glise on garde le tableau original de la Vierge de l&rsquo;Annonciation, peint par S\u0153ur Imelda (1933) et une ma\u00efolique de valeur du XVII si\u00e8cle avec la Vierge Marie et l&rsquo;Enfant r\u00e9cup\u00e9r\u00e9e dans la \u00ab\u00a0Piazzetta\u00a0\u00bb de Villa Fontane.<\/p>\n<p align=\"center\"><a href=\"http:\/\/demo.valentano.org\/wp-content\/uploads\/2013\/04\/maiol_vf-1c3.jpg\" target=\"_blank\" rel=\"noopener\"><img loading=\"lazy\" decoding=\"async\" class=\" size-full wp-image-1027\" src=\"http:\/\/demo.valentano.org\/wp-content\/uploads\/2013\/04\/thumb_maiol_vf-16b.jpg\" border=\"0\" alt=\"Ma\u00efolique du XVII si\u00e8cle avec la Vierge Marie et  l'Enfant\" width=\"210\" height=\"300\" \/><\/a>\u00a0<a href=\"http:\/\/demo.valentano.org\/wp-content\/uploads\/2013\/04\/annunzia-cef.jpg\" target=\"_blank\" rel=\"noopener\"><img loading=\"lazy\" decoding=\"async\" class=\" size-full wp-image-1041\" src=\"http:\/\/demo.valentano.org\/wp-content\/uploads\/2013\/04\/thumb_annunzia-c47.jpg\" border=\"0\" alt=\"Tableau de la Sainte Vierge de l'Annonciation gard\u00e9 dans l' \u00c9glise de Villa Fontane\" width=\"218\" height=\"300\" \/><\/a><\/p>\n","protected":false},"excerpt":{"rendered":"<p>Cliquer sur l&rsquo;image pour l&rsquo;agrandir L&rsquo; \u00c9glise actuelle, \u00e9difi\u00e9e en 1927, fut d\u00e9di\u00e9e \u00e0 la Tr\u00e8s Sainte Vierge de l&rsquo;Annonciation et \u00e0 ce titre fut ajout\u00e9 celui de Saint Agapito quand les reliques de ce martyr et le retable d&rsquo;autel furent transf\u00e9r\u00e9s ici en 1930 avec la r\u00e9union de la paroisse rurale de Bisenzio. \u00a0&hellip; <a class=\"more-link\" href=\"https:\/\/www.valentano.org\/fr\/home-fr\/l-eglise-de-l-annunziata-a-villa-fontane\/\">Poursuivre la lecture <span class=\"screen-reader-text\">L&rsquo;\u00c9glise de l&rsquo; \u00ab\u00a0Annunziata a Villa Fontane\u00a0\u00bb<\/span><\/a><\/p>\n","protected":false},"author":1,"featured_media":0,"parent":12,"menu_order":32,"comment_status":"closed","ping_status":"closed","template":"","meta":{"_acf_changed":false,"footnotes":""},"class_list":["post-53","page","type-page","status-publish","hentry","entry"],"acf":[],"_links":{"self":[{"href":"https:\/\/www.valentano.org\/fr\/wp-json\/wp\/v2\/pages\/53","targetHints":{"allow":["GET"]}}],"collection":[{"href":"https:\/\/www.valentano.org\/fr\/wp-json\/wp\/v2\/pages"}],"about":[{"href":"https:\/\/www.valentano.org\/fr\/wp-json\/wp\/v2\/types\/page"}],"author":[{"embeddable":true,"href":"https:\/\/www.valentano.org\/fr\/wp-json\/wp\/v2\/users\/1"}],"replies":[{"embeddable":true,"href":"https:\/\/www.valentano.org\/fr\/wp-json\/wp\/v2\/comments?post=53"}],"version-history":[{"count":0,"href":"https:\/\/www.valentano.org\/fr\/wp-json\/wp\/v2\/pages\/53\/revisions"}],"up":[{"embeddable":true,"href":"https:\/\/www.valentano.org\/fr\/wp-json\/wp\/v2\/pages\/12"}],"wp:attachment":[{"href":"https:\/\/www.valentano.org\/fr\/wp-json\/wp\/v2\/media?parent=53"}],"curies":[{"name":"wp","href":"https:\/\/api.w.org\/{rel}","templated":true}]}}