{"id":148,"date":"2013-05-08T22:01:22","date_gmt":"2013-05-08T20:01:22","guid":{"rendered":"http:\/\/demo.valentano.org\/cinematographie\/"},"modified":"2013-05-08T22:01:22","modified_gmt":"2013-05-08T20:01:22","slug":"cinematographie","status":"publish","type":"page","link":"https:\/\/www.valentano.org\/fr\/cinematographie\/","title":{"rendered":"Cin\u00e9matographie"},"content":{"rendered":"<p><span style=\"font-family: Arial,Helvetica;\"><span style=\"font-family: Arial,Helvetica;\">Valentano set cinematographique:<\/span><\/span><\/p>\n<p>\u00a0<\/p>\n<table style=\"width: 100%;\" border=\"0\" cellspacing=\"0\" cellpadding=\"0\">\n<tbody>\n<tr>\n<td valign=\"baseline\" width=\"42\">\n<div align=\"center\">\u2022<\/div>\n<\/td>\n<td valign=\"top\" width=\"100%\"><span style=\"font-family: Arial,Helvetica;\"><a href=\"#ilmedico\">Il medico e lo stregone<\/a>,\u00a0<span style=\"font-family: Arial,Helvetica;\">(Le m\u00e9decin et le sorcier), r\u00e9gie de Mario Monicelli, 1957 <\/span> <\/span><\/td>\n<\/tr>\n<tr>\n<td valign=\"baseline\" width=\"42\">\n<div align=\"center\">\u2022<\/div>\n<\/td>\n<td valign=\"top\" width=\"100%\"><span style=\"font-family: Arial,Helvetica;\"><a href=\"#larmata\">L&rsquo;armata brancaleone<\/a>, <span style=\"font-family: Arial,Helvetica;\">(L&rsquo;arm\u00e9e Brancal\u00e9on), r\u00e9gie de Mario Monicelli, 1962 (?)<\/span><br \/><\/span><\/td>\n<\/tr>\n<\/tbody>\n<\/table>\n<p>\u00a0<\/p>\n<h3 align=\"center\"><a name=\"ilmedico\"><\/a>LE M\u00c9DECIN ET LE SORCIER<\/h3>\n<p><img loading=\"lazy\" decoding=\"async\" class=\" alignleft size-full wp-image-4149\" src=\"http:\/\/demo.valentano.org\/wp-content\/uploads\/2013\/05\/medico_scena-c3d.jpg\" border=\"0\" alt=\"Un photogramme tir\u00e9 du film Le M\u00e9decin et le Sorcier\" width=\"204\" height=\"126\" align=\"left\" \/>Mario Monicelli choisit Valentano en 1957, pour y situer \u00ab\u00a0Le m\u00e9decin et le sorcier\u00a0\u00bb, entre les interpr\u00e8tes duquel il y a Marcello Mastroianni, Vittorio De Sica, Marisa Merlini et, dans une petite partie, Alberto Sordi, ainsi que quelques habitants de notre village. Apr\u00e8s tant d&rsquo;ann\u00e9es c&rsquo;est un jeu amusant de chercher \u00e0 distinguer ceux qui, entre nos concitoyens, furent des acteurs pour un jour.<br \/> Voil\u00e0 l&rsquo;intrigue, r\u00e9sum\u00e9 en bref: un jeune m\u00e9decin est envoy\u00e9 exercer sa profession \u00e0 Pianetta, un petit village de paysan, comme il y en a beaucoup dans l&rsquo;Italie de l&rsquo;apres-guerre. Le dieu tut\u00e9laire du village est Don Antonio, sorcier et factotum auquel tout le monde s&rsquo;adresse pour tout jenre d&rsquo;accident, des peines d&rsquo;amour, un mal \u00e0 la t\u00eate, ou d&rsquo;autres maux qui demandent des intervention m\u00e9dico-pharmaceutiques. Le jeune m\u00e9decin devra passer \u00e0 travers de nombreuses tribulations avant que la r\u00e9tive population se convainque \u00e0 se faire soigner par lui. <\/p>\n<p><img loading=\"lazy\" decoding=\"async\" class=\" size-full wp-image-3071\" src=\"http:\/\/demo.valentano.org\/wp-content\/uploads\/2013\/04\/monicelli-desica00-1bc.jpg\" border=\"0\" alt=\"Dal set del film, all'interno della &quot;Rocchetta&quot; adibita a studio medico, alla Piazzetta\" width=\"500\" height=\"368\" srcset=\"https:\/\/www.valentano.org\/wp-content\/uploads\/2013\/04\/monicelli-desica00-1bc.jpg 500w, https:\/\/www.valentano.org\/wp-content\/uploads\/2013\/04\/monicelli-desica00-1bc-300x221.jpg 300w\" sizes=\"auto, (max-width: 500px) 100vw, 500px\" \/><\/p>\n<p> Entre les titres des films de Monicelli, certainement ce long m\u00e9trage n&rsquo;est pas entre les plus connus et son atmosph\u00e8re, si fid\u00e8le \u00e0 ce particulier moment cin\u00e9matographique d\u00e9fini \u00ab\u00a0n\u00e9or\u00e9alisme rose\u00a0\u00bb, peut fourvoyer et emp\u00eacher de voir les \u00e9l\u00e9ments que, \u00e0 une observation plus attentive, on peut voir entre les plis de la com\u00e9die.<br \/> Le \u00ab\u00a0M\u00e9decin et le sorcier\u00a0\u00bb, gr\u00e2ce \u00e0 l&rsquo;intelligence et \u00e0 la finesse typiques de Monicelli nous permet d&rsquo;apercevoir une r\u00e9alit\u00e9 sociale qui se trouve \u00e0 faire ses comptes avec les changements de ces ann\u00e9es- l\u00e0 et le petit village de Pianetta repr\u00e9sente un microcosme italien tel qu&rsquo;il \u00e9tait vers la fin des ann\u00e9es &rsquo;50 encore en \u00e9quilibre instable entre magie et raison.<\/p>\n<p>\u00a0<img loading=\"lazy\" decoding=\"async\" class=\" size-full wp-image-3078\" src=\"http:\/\/demo.valentano.org\/wp-content\/uploads\/2013\/04\/monicelli-mastroianni-valentano-67e.jpg\" border=\"0\" alt=\"Dal set del film, Monicelli e Mastroianni discutono alla Piazzetta\" width=\"500\" height=\"371\" srcset=\"https:\/\/www.valentano.org\/wp-content\/uploads\/2013\/04\/monicelli-mastroianni-valentano-67e.jpg 500w, https:\/\/www.valentano.org\/wp-content\/uploads\/2013\/04\/monicelli-mastroianni-valentano-67e-300x223.jpg 300w\" sizes=\"auto, (max-width: 500px) 100vw, 500px\" \/><\/p>\n<p><strong>Interpr\u00e8tes<\/strong>: Vittorio De Sica, Marcello Mastroianni, Marisa Merlini, Gabriella Pallotta, Lorella De Luca, Riccardo Garrone, Virgilio Riento<br \/> <strong>R\u00e9gie<\/strong>: Mario Monicelli<br \/> <strong>Sujet<\/strong>: <a href=\"http:\/\/www.snc.it\/produzionepromozione\/Age&amp;Scarpelli\/BioAS.asp\">Age &amp; Scarpelli <\/a><br \/> <strong>Sc\u00e9nario<\/strong>: <a href=\"http:\/\/www.snc.it\/produzionepromozione\/Age&amp;Scarpelli\/BioAS.asp\">Age &amp; Scarpelli<\/a>, De Concini, Emmanuele, Monicelli<br \/> <strong>An<\/strong>: 1957<\/p>\n<h3 align=\"center\"><a name=\"larmata\"><\/a>L&rsquo;ARM\u00c9E BRANCAL\u00c9ON<\/h3>\n<p>En 1966 Mario Monicelli retourna \u00e0 Valentano pour tourner, \u00e0 l&rsquo;int\u00e9rieur de la grevi\u00e8re de \u00ab\u00a0Terra Rossa\u00a0\u00bb (Terre Rouge), \u00ab\u00a0L&rsquo;arm\u00e9e Brancal\u00e9on\u00a0\u00bb. Le film raconte les vicissitudes d&rsquo;une branlante et exig\u00fce compagnie conduite par Brancal\u00e9on de Norcia, chevalier errant, riche seulement en id\u00e9als, dont la conviction dans ses propres moyens est en contradiction avec son allure de gueux un peu cingl\u00e9. Les hommes de l&rsquo;arm\u00e9e ont comme destination le fief de Aurocastro et dans leur voyage qui des terres d&rsquo;Etruria les emmenera en Puglia vivent une s\u00e9rie de tragicomiques aventures.<br \/> <a href=\"http:\/\/demo.valentano.org\/wp-content\/uploads\/2013\/04\/armata_brancaleone-1a2.jpg\" target=\"_blank\" rel=\"noopener\"><img loading=\"lazy\" decoding=\"async\" class=\" alignleft size-full wp-image-4156\" src=\"http:\/\/demo.valentano.org\/wp-content\/uploads\/2013\/05\/thumb_armata_brancaleone-f9f.jpg\" border=\"0\" alt=\"Un photogramme tir\u00e9 du film L'Arm\u00e9e Brancal\u00e9on, visible au fond les gravi\u00e9res de Terra Rossa, les lapilli vulcaniques\" width=\"300\" height=\"178\" align=\"left\" \/><\/a>La s\u00e9quence tourn\u00e9e \u00e0 Valentano, et plus pr\u00e9cisement sur le Mont Starnina, appara\u00eet dans la premi\u00e8re partie du film, celle o\u00f9 la mal-fichue compagnie pleure ses malheurs, ayant compris que le bourg qu&rsquo;ils viennent de visiter a \u00e9t\u00e9 atteint par la peste.<br \/> Regardant le paysage, si ce n&rsquo;\u00e9tait par quelques touffes d&rsquo;herbe qui le colorent et l&rsquo;animent, on pourrait penser de voir des images du plan\u00e8te Mars, tant il semble \u00e9loign\u00e9 de n&rsquo;importe quel \u00e9l\u00e9ment vital.<br \/> \u00c0 signaler la \u00ab\u00a0langue\u00a0\u00bb avec laquelle les protagonistes de l&rsquo;Arm\u00e9e Brancal\u00e9on s&rsquo;expriment: un m\u00e9lange de latin macaronique et de vulgaire (dans le sens de langue parl\u00e9e par le peuple) cr\u00e9\u00e9e pour l&rsquo;occasion par les auteurs du film.<\/p>\n<p><strong>Interpr\u00e8tes<\/strong>: Vittorio Gassman, Folco Lulli, Enrico Maria Salerno, Gian Maria Volont\u00e8, Catherine Spaak (on utilisa quelques habitants de Valentano comme figurants, mais les costumes les rendent presque m\u00e9connaissables).<br \/> <strong>R\u00e9gie<\/strong>: Mario Monicelli.<br \/> <strong>Sujet<\/strong>: <a href=\"http:\/\/www.snc.it\/produzionepromozione\/Age&amp;Scarpelli\/BioAS.asp\">Age &amp; Scarpelli<\/a> e Mario Monicelli.<br \/> <strong>Sc\u00e9nario<\/strong>: <a href=\"http:\/\/www.snc.it\/produzionepromozione\/Age&amp;Scarpelli\/BioAS.asp\">Age &amp; Scarpelli<\/a> e Mario Monicelli.<br \/> <strong>An<\/strong>: 1966.<\/p>\n<p>\u00a0<\/p>\n<p>\u00a0<\/p>\n<p><span style=\"font-family: Arial,Helvetica;\">Textes et recherches cin\u00e9matographiques de Sabrina Radicati<\/span><\/p>\n","protected":false},"excerpt":{"rendered":"<p>Valentano set cinematographique: \u00a0 \u2022 Il medico e lo stregone,\u00a0(Le m\u00e9decin et le sorcier), r\u00e9gie de Mario Monicelli, 1957 \u2022 L&rsquo;armata brancaleone, (L&rsquo;arm\u00e9e Brancal\u00e9on), r\u00e9gie de Mario Monicelli, 1962 (?) \u00a0 LE M\u00c9DECIN ET LE SORCIER Mario Monicelli choisit Valentano en 1957, pour y situer \u00ab\u00a0Le m\u00e9decin et le sorcier\u00a0\u00bb, entre les interpr\u00e8tes duquel il&hellip; <a class=\"more-link\" href=\"https:\/\/www.valentano.org\/fr\/cinematographie\/\">Poursuivre la lecture <span class=\"screen-reader-text\">Cin\u00e9matographie<\/span><\/a><\/p>\n","protected":false},"author":1,"featured_media":0,"parent":0,"menu_order":6,"comment_status":"closed","ping_status":"closed","template":"","meta":{"_acf_changed":false,"footnotes":""},"class_list":["post-148","page","type-page","status-publish","hentry","entry"],"acf":[],"_links":{"self":[{"href":"https:\/\/www.valentano.org\/fr\/wp-json\/wp\/v2\/pages\/148","targetHints":{"allow":["GET"]}}],"collection":[{"href":"https:\/\/www.valentano.org\/fr\/wp-json\/wp\/v2\/pages"}],"about":[{"href":"https:\/\/www.valentano.org\/fr\/wp-json\/wp\/v2\/types\/page"}],"author":[{"embeddable":true,"href":"https:\/\/www.valentano.org\/fr\/wp-json\/wp\/v2\/users\/1"}],"replies":[{"embeddable":true,"href":"https:\/\/www.valentano.org\/fr\/wp-json\/wp\/v2\/comments?post=148"}],"version-history":[{"count":0,"href":"https:\/\/www.valentano.org\/fr\/wp-json\/wp\/v2\/pages\/148\/revisions"}],"wp:attachment":[{"href":"https:\/\/www.valentano.org\/fr\/wp-json\/wp\/v2\/media?parent=148"}],"curies":[{"name":"wp","href":"https:\/\/api.w.org\/{rel}","templated":true}]}}