{"id":146,"date":"2013-05-06T21:12:35","date_gmt":"2013-05-06T19:12:35","guid":{"rendered":"http:\/\/demo.valentano.org\/saint-justin-martyr\/"},"modified":"2013-05-06T21:12:35","modified_gmt":"2013-05-06T19:12:35","slug":"saint-justin-martyr","status":"publish","type":"page","link":"https:\/\/www.valentano.org\/fr\/saint-justin-martyr\/","title":{"rendered":"Saint Justin Martyr"},"content":{"rendered":"<p>La tradition populaire veut que Saint Justin ait \u00e9t\u00e9 un soldat converti au christianisme. On a une grande d\u00e9votion envers le Saint et on respecte beaucoup ses reliques qu&rsquo;on porte en procession le troisi\u00e8me dimanche de septembre. Depuis quelques ann\u00e9es pour l&rsquo;organisation on constitue un comitat form\u00e9 de citoyens \u00e2g\u00e9s de quarante ans.<\/p>\n<p align=\"center\"><a href=\"http:\/\/demo.valentano.org\/wp-content\/uploads\/2013\/05\/sangiu01-d00.jpg\" target=\"_blank\" rel=\"noopener\"><img loading=\"lazy\" decoding=\"async\" class=\" size-full wp-image-4058\" src=\"http:\/\/demo.valentano.org\/wp-content\/uploads\/2013\/05\/thumb_sangiu01-da8.jpg\" border=\"0\" alt=\"Un particulier du Saint\" width=\"300\" height=\"190\" \/><\/a> <br \/> <span style=\"color: #ff0000; font-family: Arial,Helvetica,sans-serif;\">Cliquer sur l&rsquo;image pour l&rsquo;agrandir<\/span><\/p>\n<p>\u00a0<\/p>\n<p align=\"center\"><a href=\"http:\/\/demo.valentano.org\/wp-content\/uploads\/2013\/05\/sangiu02-97a.jpg\" target=\"_blank\" rel=\"noopener\"><img loading=\"lazy\" decoding=\"async\" class=\" size-full wp-image-4072\" src=\"http:\/\/demo.valentano.org\/wp-content\/uploads\/2013\/05\/thumb_sangiu02-9d2.jpg\" border=\"0\" alt=\"La ch\u00e2sse de Saint Justin\" width=\"300\" height=\"198\" \/><\/a><\/p>\n<p>\u00a0<\/p>\n<p align=\"center\"><a href=\"http:\/\/demo.valentano.org\/wp-content\/uploads\/2013\/05\/sangiu03-aac.jpg\" target=\"_blank\" rel=\"noopener\"><img loading=\"lazy\" decoding=\"async\" class=\" size-full wp-image-4086\" src=\"http:\/\/demo.valentano.org\/wp-content\/uploads\/2013\/05\/thumb_sangiu03-a04.jpg\" border=\"0\" alt=\"La procession du soir dans les rues du village\" width=\"300\" height=\"190\" \/><\/a><\/p>\n<p align=\"center\">Dans les jours de la f\u00eate on organise des \u00e9venements gastronomiques et de spectacles de vari\u00e9t\u00e9.<\/p>\n<p align=\"center\"><img loading=\"lazy\" decoding=\"async\" class=\" size-full wp-image-3015\" src=\"http:\/\/demo.valentano.org\/wp-content\/uploads\/2013\/04\/thumb_sangiu21-bed.jpg\" border=\"0\" alt=\"Le salsicce cotte alla brace\" width=\"203\" height=\"300\" \/><\/p>\n<p>La \u00ab\u00a0tombola\u00a0\u00bb \u00e0 Place Diaz (Santa Croce)<\/p>\n<p align=\"center\"><a href=\"http:\/\/demo.valentano.org\/wp-content\/uploads\/2013\/05\/sangiu22-da6.jpg\" target=\"_blank\" rel=\"noopener\"><img loading=\"lazy\" decoding=\"async\" class=\" size-full wp-image-4100\" src=\"http:\/\/demo.valentano.org\/wp-content\/uploads\/2013\/05\/thumb_sangiu22-d0e.jpg\" border=\"0\" alt=\"La &quot;tombola \u00e0 Santa Croce\" width=\"207\" height=\"300\" \/><\/a><\/p>\n<p>Et l&rsquo;immanquable spectacle musical&#8230;<\/p>\n<p align=\"center\"><span style=\"font-family: arial,helvetica;\"><a href=\"http:\/\/demo.valentano.org\/wp-content\/uploads\/2013\/05\/sangiu23-e70.jpg\" target=\"_blank\" rel=\"noopener\"><img loading=\"lazy\" decoding=\"async\" class=\" size-full wp-image-4114\" src=\"http:\/\/demo.valentano.org\/wp-content\/uploads\/2013\/05\/thumb_sangiu23-ed8.jpg\" border=\"0\" alt=\"Le spectacle musical le soir de la f\u00eate\" width=\"300\" height=\"204\" \/><\/a><\/span><\/p>\n<p>\u00a0<\/p>\n","protected":false},"excerpt":{"rendered":"<p>La tradition populaire veut que Saint Justin ait \u00e9t\u00e9 un soldat converti au christianisme. On a une grande d\u00e9votion envers le Saint et on respecte beaucoup ses reliques qu&rsquo;on porte en procession le troisi\u00e8me dimanche de septembre. Depuis quelques ann\u00e9es pour l&rsquo;organisation on constitue un comitat form\u00e9 de citoyens \u00e2g\u00e9s de quarante ans. Cliquer sur&hellip; <a class=\"more-link\" href=\"https:\/\/www.valentano.org\/fr\/saint-justin-martyr\/\">Poursuivre la lecture <span class=\"screen-reader-text\">Saint Justin Martyr<\/span><\/a><\/p>\n","protected":false},"author":1,"featured_media":0,"parent":0,"menu_order":7,"comment_status":"closed","ping_status":"closed","template":"","meta":{"_acf_changed":false,"footnotes":""},"class_list":["post-146","page","type-page","status-publish","hentry","entry"],"acf":[],"_links":{"self":[{"href":"https:\/\/www.valentano.org\/fr\/wp-json\/wp\/v2\/pages\/146","targetHints":{"allow":["GET"]}}],"collection":[{"href":"https:\/\/www.valentano.org\/fr\/wp-json\/wp\/v2\/pages"}],"about":[{"href":"https:\/\/www.valentano.org\/fr\/wp-json\/wp\/v2\/types\/page"}],"author":[{"embeddable":true,"href":"https:\/\/www.valentano.org\/fr\/wp-json\/wp\/v2\/users\/1"}],"replies":[{"embeddable":true,"href":"https:\/\/www.valentano.org\/fr\/wp-json\/wp\/v2\/comments?post=146"}],"version-history":[{"count":0,"href":"https:\/\/www.valentano.org\/fr\/wp-json\/wp\/v2\/pages\/146\/revisions"}],"wp:attachment":[{"href":"https:\/\/www.valentano.org\/fr\/wp-json\/wp\/v2\/media?parent=146"}],"curies":[{"name":"wp","href":"https:\/\/api.w.org\/{rel}","templated":true}]}}