{"id":100,"date":"2013-04-28T16:53:31","date_gmt":"2013-04-28T14:53:31","guid":{"rendered":"http:\/\/demo.valentano.org\/encadrement-geologique-general\/"},"modified":"2023-01-20T08:36:08","modified_gmt":"2023-01-20T07:36:08","slug":"encadrement-geologique-general","status":"publish","type":"page","link":"https:\/\/www.valentano.org\/fr\/home-fr\/encadrement-geologique-general\/","title":{"rendered":"Encadrement g\u00e9ologique g\u00e9n\u00e9ral"},"content":{"rendered":"<h3 align=\"center\"><span style=\"color: #660000; font-family: Trebuchet MS,Arial,Helvetica;\">L&rsquo;ouverture de la mer Tyrr\u00e9nienne et l&rsquo;explosion des volcans<\/span><\/h3>\n<p>Vers la fin de l&rsquo;\u00c8re C\u00e9nozo\u00ffque \u00e0 l&rsquo;Ouest de la cha\u00eene des Apennins, en cours de soul\u00e8vement, la cro\u00fbte terrestre subit de profondes transformations, s&rsquo;amenuisant, se d\u00e9chirant et sombrant lentement, elle est envahie par la mer: la mer Tyrr\u00e9nienne est n\u00e9e.<br \/>Il y a 5-6 millions d&rsquo;ann\u00e9es environ, dans le Plioc\u00e8ne inf\u00e9rieur, le marge occidental de la cha\u00eene des Apennins, impliqu\u00e9 dans les mouvements d\u00e9crits, s&rsquo;effondra vers l&rsquo;Ouest, d\u00e9sarticul\u00e9 par de longs syst\u00e8mes de fractures parall\u00e8les (failles de direction NO-SE) comme un grand escalier. Il \u00e9tait l\u00e9ch\u00e9 par la mer qui envahit ces zones baiss\u00e9es en se pla\u00e7ant beaucoup plus \u00e0 l&rsquo;Est de sa position actuelle.<\/p>\n<p align=\"center\"><a href=\"http:\/\/demo.valentano.org\/wp-content\/uploads\/2013\/04\/geofigx-d23.jpg\" target=\"_blank\" rel=\"noopener\"><img loading=\"lazy\" decoding=\"async\" class=\" size-full wp-image-2091\" src=\"http:\/\/demo.valentano.org\/wp-content\/uploads\/2013\/04\/thumb_geofigx-0c5.jpg\" border=\"0\" width=\"271\" height=\"300\" \/><\/a><br \/><span style=\"color: #ff0000;\">Cliquer sur l&rsquo;image pour l&rsquo;agrandir<\/span><br \/>L&rsquo;Italie pendant le Plioc\u00e8ne<br \/><span>(Redessin\u00e9e et tir\u00e9e de \u00ab\u00a0Atlante Geografico Moderno De Agostini\u00a0\u00bb)<\/span><\/p>\n<p>Cette profonde zone baiss\u00e9e, d\u00e9finie Graben, \u00e9tait bord\u00e9e \u00e0 l&rsquo;Est par les Apennins de fa\u00e7on continue avec les Monts de la Sabina, les Monts Tiburtini-Prenestini et les Monts Lepini \u00e0 l&rsquo;Ouest, de fa\u00e7on discontinue par deux dorsales rest\u00e9es \u00e9merg\u00e9es pendant les mouvements d&rsquo; effondrement, form\u00e9es par la Tolfa et le Circeo. Dans ce Graben il y avait le d\u00e9p\u00f4t de s\u00e9diments comme graviers, sables et argiles provenants du modelage des Apennins et transport\u00e9s par les fleuves.<br \/>Il y a 3-4 millions d&rsquo;ann\u00e9es environ, Plioc\u00e8ne moyen-sup\u00e9rieur, \u00e0 l&rsquo;int\u00e9rieur et au centre du Graben commence \u00e0 se soulever une nouvelle dorsale, la mer se retire vers l&rsquo;Ouest et laisse seulement un long et \u00e9troit golfe ouvert vers le Sud qui aujourd&rsquo;hui constitue la basse vall\u00e9e du fleuve Tevere entre Orvieto et Roma.<\/p>\n<p align=\"center\"><a href=\"http:\/\/demo.valentano.org\/wp-content\/uploads\/2013\/04\/geofigy-ef5.jpg\" target=\"_blank\" rel=\"noopener\"><img loading=\"lazy\" decoding=\"async\" class=\" size-full wp-image-2105\" src=\"http:\/\/demo.valentano.org\/wp-content\/uploads\/2013\/04\/thumb_geofigy-313.jpg\" border=\"0\" width=\"400\" height=\"220\" srcset=\"https:\/\/www.valentano.org\/wp-content\/uploads\/2013\/04\/thumb_geofigy-313.jpg 400w, https:\/\/www.valentano.org\/wp-content\/uploads\/2013\/04\/thumb_geofigy-313-300x165.jpg 300w\" sizes=\"auto, (max-width: 400px) 100vw, 400px\" \/><\/a><br \/>Structure \u00e0 horst et graben<\/p>\n<p>En m\u00eame temps, au d\u00e9but en Toscana et ensuite dans le nord du Lazio, il y a une importante activit\u00e9 volcanique qui se d\u00e9veloppe en diff\u00e9rentes phases, qui se succ\u00e8dent dans le temps, de l&rsquo;Ouest vers l&rsquo;Est et qui marquent le soul\u00e8vement de chaque zone.<br \/>Les produits de cette activit\u00e9 volcanique caract\u00e9risent la ainsi-dite \u00ab\u00a0Provincia Magmatica Toscana\u00a0\u00bb et sont form\u00e9s par les laves de la Tolfa et de la campagne de Cere et Manziana (de 4,2 \u00e0 2,1 millions d&rsquo;ann\u00e9es) et ensuite les produits du Mont Cimino (de 1,4 \u00e0 0,9 millions d&rsquo;ann\u00e9es) qui pour son \u00e2ge et pour ses caract\u00e9ristiques semble toutefois ressembler davantage \u00e0 la \u00ab\u00a0Provincia Romana\u00a0\u00bb.<br \/>Dans le dernier million d&rsquo;ann\u00e9es la mer s&rsquo;est retir\u00e9e vers l&rsquo;Ouest en laissant apr\u00e8s elle des \u00e9tangs, des lacs et des mar\u00e9cages et les fleuves alimentent la nouvelle bande c\u00f4ti\u00e8re et la r\u00e9vitaillent par de grandes quantit\u00e9s de graviers, sables et argiles.<br \/>Ce r\u00e9joint calme est troubl\u00e9 de nouveau par la r\u00e9activation des failles \u00e0 la fa\u00e7on des Apennins et Anti-Apennins qui portent \u00e0 la fracture en diff\u00e9rents lieux de la plaine c\u00f4ti\u00e8re form\u00e9e et au d\u00e9placement d&rsquo;eux-m\u00eames.<br \/>Ces nouvelles fractures favorisent de nouveau la remont\u00e9e du magma qui cr\u00e9e une autre s\u00e9rie d&rsquo;importantes manifestations volcaniques qui vont durer pendant plusieurs centaines de milliers d&rsquo;ann\u00e9es.<br \/>De diff\u00e9rents complexes dispos\u00e9s de NO \u00e0 SE sont engendr\u00e9s, ce sont les Vulsini, ceux de Vico, des Sabatini, des Colli Albani, de la Moyenne Valle Latina (ou des Ernici) et de Roccamorfina. Encore plus au Sud, les complexes de Ischia et Procida, des Campi Flegrei et de Somma-Vesuvio.<br \/>Ce volcanisme, diff\u00e9rent du pr\u00e9cedent, est indiqu\u00e9 comme alcalino-potassique pour la pr\u00e9dominance de cet \u00e9l\u00e9ment et identifie la \u00ab\u00a0Provincia Magmatica Romana\u00a0\u00bb.<\/p>\n<p align=\"center\"><a href=\"http:\/\/demo.valentano.org\/wp-content\/uploads\/2013\/04\/geofig1-87d.jpg\" target=\"_blank\" rel=\"noopener\"><img loading=\"lazy\" decoding=\"async\" class=\" size-full wp-image-2119\" src=\"http:\/\/demo.valentano.org\/wp-content\/uploads\/2013\/04\/thumb_geofig1-59b.jpg\" border=\"0\" width=\"229\" height=\"300\" \/><\/a><br \/>Tir\u00e9 de la carte g\u00e9ologique \u00ab\u00a0Tuscania\u00a0\u00bb<br \/>Feuille n.136 \u00e9chelle 1:100.000<\/p>\n<p align=\"center\"><strong><a href=\"http:\/\/demo.valentano.org\/wp-content\/uploads\/2013\/04\/geofig1a-59b.jpg\" target=\"_blank\" rel=\"noopener\"><img loading=\"lazy\" decoding=\"async\" class=\" size-full wp-image-2133\" src=\"http:\/\/demo.valentano.org\/wp-content\/uploads\/2013\/04\/thumb_geofig1a-b76.jpg\" border=\"0\" width=\"560\" height=\"125\" srcset=\"https:\/\/www.valentano.org\/wp-content\/uploads\/2013\/04\/thumb_geofig1a-b76.jpg 560w, https:\/\/www.valentano.org\/wp-content\/uploads\/2013\/04\/thumb_geofig1a-b76-300x67.jpg 300w\" sizes=\"auto, (max-width: 560px) 100vw, 560px\" \/><\/a><\/strong><br \/>Section g\u00e9ologique passant par Valentano<\/p>\n<p style=\"text-align: left;\" align=\"center\">\u00a0<\/p>\n<p style=\"text-align: left;\" align=\"center\"><span style=\"font-size: small;\">Texte de la g\u00e9ologue, docteur <a href=\"http:\/\/www.iacogeo.com\/\" target=\"_blank\" rel=\"noopener\">Olivia Iacoangeli<\/a><br \/><\/span><\/p>\n","protected":false},"excerpt":{"rendered":"<p>L&rsquo;ouverture de la mer Tyrr\u00e9nienne et l&rsquo;explosion des volcans Vers la fin de l&rsquo;\u00c8re C\u00e9nozo\u00ffque \u00e0 l&rsquo;Ouest de la cha\u00eene des Apennins, en cours de soul\u00e8vement, la cro\u00fbte terrestre subit de profondes transformations, s&rsquo;amenuisant, se d\u00e9chirant et sombrant lentement, elle est envahie par la mer: la mer Tyrr\u00e9nienne est n\u00e9e.Il y a 5-6 millions d&rsquo;ann\u00e9es&hellip; <a class=\"more-link\" href=\"https:\/\/www.valentano.org\/fr\/home-fr\/encadrement-geologique-general\/\">Poursuivre la lecture <span class=\"screen-reader-text\">Encadrement g\u00e9ologique g\u00e9n\u00e9ral<\/span><\/a><\/p>\n","protected":false},"author":1,"featured_media":0,"parent":12,"menu_order":10,"comment_status":"closed","ping_status":"closed","template":"","meta":{"_acf_changed":false,"footnotes":""},"class_list":["post-100","page","type-page","status-publish","hentry","entry"],"acf":[],"_links":{"self":[{"href":"https:\/\/www.valentano.org\/fr\/wp-json\/wp\/v2\/pages\/100","targetHints":{"allow":["GET"]}}],"collection":[{"href":"https:\/\/www.valentano.org\/fr\/wp-json\/wp\/v2\/pages"}],"about":[{"href":"https:\/\/www.valentano.org\/fr\/wp-json\/wp\/v2\/types\/page"}],"author":[{"embeddable":true,"href":"https:\/\/www.valentano.org\/fr\/wp-json\/wp\/v2\/users\/1"}],"replies":[{"embeddable":true,"href":"https:\/\/www.valentano.org\/fr\/wp-json\/wp\/v2\/comments?post=100"}],"version-history":[{"count":1,"href":"https:\/\/www.valentano.org\/fr\/wp-json\/wp\/v2\/pages\/100\/revisions"}],"predecessor-version":[{"id":6160,"href":"https:\/\/www.valentano.org\/fr\/wp-json\/wp\/v2\/pages\/100\/revisions\/6160"}],"up":[{"embeddable":true,"href":"https:\/\/www.valentano.org\/fr\/wp-json\/wp\/v2\/pages\/12"}],"wp:attachment":[{"href":"https:\/\/www.valentano.org\/fr\/wp-json\/wp\/v2\/media?parent=100"}],"curies":[{"name":"wp","href":"https:\/\/api.w.org\/{rel}","templated":true}]}}